{"id":5409,"date":"2026-04-03T12:23:14","date_gmt":"2026-04-03T12:23:14","guid":{"rendered":"https:\/\/projets-solidaires.la-guilde.org\/?page_id=5409"},"modified":"2026-04-03T12:41:26","modified_gmt":"2026-04-03T12:41:26","slug":"formations-2026-au-cycle-de-projet-de-la-guilde","status":"publish","type":"page","link":"https:\/\/projets-solidaires.la-guilde.org\/en\/formations-2026-au-cycle-de-projet-de-la-guilde\/","title":{"rendered":"Lancez la pr\u00e9paration de votre projet avec les formations de La Guilde :"},"content":{"rendered":"<h2>Lancez la pr\u00e9paration de votre projet avec les formations de La Guilde : <\/h2>\n<p>Envie de <strong>structurer vos id\u00e9es<\/strong> and of <strong>donner vie \u00e0 vos projets<\/strong> solidaires ? En ce d\u00e9but d\u2019ann\u00e9e, <strong>La Guilde<\/strong> vous propose <strong>un nouveau cycle de formations<\/strong> pour vous accompagner sur chaque \u00e9tape de vos microprojets.<\/p>\n<p>\u00c0 travers le P\u00f4le Microprojet, La Guilde soutient les associations en leur donnant <strong>les cl\u00e9s pour concevoir, piloter et d\u00e9velopper des projets de solidarit\u00e9 internationale<\/strong>. Ces formations sont pens\u00e9es pour vous aider \u00e0 <strong>monter en comp\u00e9tences<\/strong>, gagner en <strong>m\u00e9thodologie<\/strong>, apprendre \u00e0 <strong>ma\u00eetriser des outils de gestion<\/strong> de projets et <strong>s\u00e9curiser<\/strong> vos d\u00e9marches.<\/p>\n<p><strong>Rendez-vous en mai<\/strong> pour le d\u00e9but de ce cycle de formations, compos\u00e9 de <strong>6 modules<\/strong> in <strong>face-to-face<\/strong>, \u00e0 destination prioritaire des associations d\u2019\u00cele-de-France :<\/p>\n<ul style=\"margin-top: 0cm;\" type=\"disc\">\n<li><strong>Agro\u00e9cologie\u00a0: mardi 12 mai 2026<\/strong><\/li>\n<li><strong>Diagnostic et conception <\/strong>d\u2019un microprojet de d\u00e9veloppement:<strong> vendredi 5 juin 2026<\/strong><\/li>\n<li><strong>Planning and Implementation<\/strong> d\u2019un microprojet de d\u00e9veloppement :<strong> vendredi 12 juin 2026<\/strong><\/li>\n<li><strong>\u00c9laboration d\u2019un budget et recherche de financements <\/strong>pour un microprojet de d\u00e9veloppement\u00a0:<strong> vendredi 19 juin 2026<\/strong><\/li>\n<li><strong>Monitoring and evaluation <\/strong>d\u2019un microprojet de d\u00e9veloppement\u00a0:<strong> vendredi 26 juin 2026<\/strong><\/li>\n<li><strong>Activit\u00e9s G\u00e9n\u00e9ratrices de Revenus\u00a0: vendredi 3 juillet 2026<\/strong><\/li>\n<\/ul>\n<p>Chaque module vous permet de mieux <strong>comprendre les \u00e9tapes cl\u00e9s du cycle de projet,<\/strong> de ma\u00eetriser les outils essentiels et d\u2019acqu\u00e9rir des r\u00e9flexes concrets pour mener \u00e0 bien vos actions. C\u2019est aussi <strong>l\u2019occasion id\u00e9ale de vous pr\u00e9parer efficacement aux appels \u00e0 projets<\/strong>, qu\u2019ils soient port\u00e9s par La Guilde ou par d\u2019autres acteurs.<\/p>\n<p>Les formations se d\u00e9roulent en <strong>pr\u00e9sentiel, sur une journ\u00e9e compl\u00e8te (9h30 \u2013 17h).<\/strong> L\u2019adresse vous sera communiqu\u00e9e apr\u00e8s inscription.\u00a0<strong>Tarif : 40 \u20ac par module<\/strong>.\u00a0Inscrivez-vous d\u00e8s maintenant via le <strong>Portail Solidaire :\u00a0<\/strong><strong><a style=\"background-color: #ffffff; font-size: 1.1rem;\" href=\"https:\/\/www.portailsolidaire.org\/formations\/\">https:\/\/projets-solidaires.la-guilde.org\/les-formations\/https:\/\/www.portailsolidaire.org\/formations\/<\/a><\/strong><\/p>\n<p><strong>Le paiement en ligne est disponible<\/strong> directement sur la plateforme. En cas de besoin, vous pouvez \u00e9galement <strong>contacter l\u2019\u00e9quipe<\/strong> pour envisager une autre modalit\u00e9 d\u2019inscription.<\/p>\n<p>\t\t\t\t\t\t\t\t\t\t\t\t\t\t\t<img decoding=\"async\" src=\"https:\/\/projets-solidaires.la-guilde.org\/wp-content\/uploads\/2026\/04\/image-11-1.jpg\" title=\"image (11)\" alt=\"image (11)\" loading=\"lazy\" \/><\/p>","protected":false},"excerpt":{"rendered":"<p>Lancez la pr\u00e9paration de votre projet avec les formations de La Guilde : Envie de structurer vos id\u00e9es et de donner vie \u00e0 vos projets solidaires ? En ce d\u00e9but d\u2019ann\u00e9e, La Guilde vous propose un nouveau cycle de formations pour vous accompagner sur chaque \u00e9tape de vos microprojets. \u00c0 travers le P\u00f4le Microprojet, La [&hellip;]<\/p>\n","protected":false},"author":8,"featured_media":5412,"parent":0,"menu_order":0,"comment_status":"closed","ping_status":"closed","template":"","meta":{"inline_featured_image":false,"footnotes":""},"class_list":["post-5409","page","type-page","status-publish","has-post-thumbnail","hentry"],"yoast_head":"<!-- This site is optimized with the Yoast SEO plugin v27.3 - https:\/\/yoast.com\/product\/yoast-seo-wordpress\/ -->\n<title>Lancez la pr\u00e9paration de votre projet avec les formations de La Guilde : - Microprojet La Guilde<\/title>\n<meta name=\"description\" content=\"Venez vous formez aupr\u00e8s de La Guilde : AGR, agro\u00e9cologie, cycle et m\u00e9thodologie de projet. D\u00e9couvrez le programme de formations 2026.\" \/>\n<meta name=\"robots\" content=\"index, follow, max-snippet:-1, max-image-preview:large, max-video-preview:-1\" \/>\n<link rel=\"canonical\" href=\"https:\/\/projets-solidaires.la-guilde.org\/en\/formations-2026-au-cycle-de-projet-de-la-guilde\/\" \/>\n<script type=\"application\/ld+json\" class=\"yoast-schema-graph\">{\"@context\":\"https:\\\/\\\/schema.org\",\"@graph\":[{\"@type\":\"WebPage\",\"@id\":\"https:\\\/\\\/projets-solidaires.la-guilde.org\\\/formations-2026-au-cycle-de-projet-de-la-guilde\\\/\",\"url\":\"https:\\\/\\\/projets-solidaires.la-guilde.org\\\/formations-2026-au-cycle-de-projet-de-la-guilde\\\/\",\"name\":\"Lancez la pr\u00e9paration de votre projet avec les formations de La Guilde : - Microprojet La Guilde\",\"isPartOf\":{\"@id\":\"https:\\\/\\\/projets-solidaires.la-guilde.org\\\/#website\"},\"primaryImageOfPage\":{\"@id\":\"https:\\\/\\\/projets-solidaires.la-guilde.org\\\/formations-2026-au-cycle-de-projet-de-la-guilde\\\/#primaryimage\"},\"image\":{\"@id\":\"https:\\\/\\\/projets-solidaires.la-guilde.org\\\/formations-2026-au-cycle-de-projet-de-la-guilde\\\/#primaryimage\"},\"thumbnailUrl\":\"https:\\\/\\\/projets-solidaires.la-guilde.org\\\/wp-content\\\/uploads\\\/2026\\\/04\\\/image-11-1.jpg\",\"datePublished\":\"2026-04-03T12:23:14+00:00\",\"dateModified\":\"2026-04-03T12:41:26+00:00\",\"description\":\"Venez vous formez aupr\u00e8s de La Guilde : AGR, agro\u00e9cologie, cycle et m\u00e9thodologie de projet. D\u00e9couvrez le programme de formations 2026.\",\"breadcrumb\":{\"@id\":\"https:\\\/\\\/projets-solidaires.la-guilde.org\\\/formations-2026-au-cycle-de-projet-de-la-guilde\\\/#breadcrumb\"},\"inLanguage\":\"en-GB\",\"potentialAction\":[{\"@type\":\"ReadAction\",\"target\":[\"https:\\\/\\\/projets-solidaires.la-guilde.org\\\/formations-2026-au-cycle-de-projet-de-la-guilde\\\/\"]}]},{\"@type\":\"ImageObject\",\"inLanguage\":\"en-GB\",\"@id\":\"https:\\\/\\\/projets-solidaires.la-guilde.org\\\/formations-2026-au-cycle-de-projet-de-la-guilde\\\/#primaryimage\",\"url\":\"https:\\\/\\\/projets-solidaires.la-guilde.org\\\/wp-content\\\/uploads\\\/2026\\\/04\\\/image-11-1.jpg\",\"contentUrl\":\"https:\\\/\\\/projets-solidaires.la-guilde.org\\\/wp-content\\\/uploads\\\/2026\\\/04\\\/image-11-1.jpg\",\"width\":1920,\"height\":1116},{\"@type\":\"BreadcrumbList\",\"@id\":\"https:\\\/\\\/projets-solidaires.la-guilde.org\\\/formations-2026-au-cycle-de-projet-de-la-guilde\\\/#breadcrumb\",\"itemListElement\":[{\"@type\":\"ListItem\",\"position\":1,\"name\":\"Accueil\",\"item\":\"https:\\\/\\\/projets-solidaires.la-guilde.org\\\/\"},{\"@type\":\"ListItem\",\"position\":2,\"name\":\"Lancez la pr\u00e9paration de votre projet avec les formations de La Guilde :\"}]},{\"@type\":\"WebSite\",\"@id\":\"https:\\\/\\\/projets-solidaires.la-guilde.org\\\/#website\",\"url\":\"https:\\\/\\\/projets-solidaires.la-guilde.org\\\/\",\"name\":\"Microprojet La Guilde\",\"description\":\"\",\"publisher\":{\"@id\":\"https:\\\/\\\/projets-solidaires.la-guilde.org\\\/#organization\"},\"potentialAction\":[{\"@type\":\"SearchAction\",\"target\":{\"@type\":\"EntryPoint\",\"urlTemplate\":\"https:\\\/\\\/projets-solidaires.la-guilde.org\\\/?s={search_term_string}\"},\"query-input\":{\"@type\":\"PropertyValueSpecification\",\"valueRequired\":true,\"valueName\":\"search_term_string\"}}],\"inLanguage\":\"en-GB\"},{\"@type\":\"Organization\",\"@id\":\"https:\\\/\\\/projets-solidaires.la-guilde.org\\\/#organization\",\"name\":\"Microprojet La Guilde\",\"url\":\"https:\\\/\\\/projets-solidaires.la-guilde.org\\\/\",\"logo\":{\"@type\":\"ImageObject\",\"inLanguage\":\"en-GB\",\"@id\":\"https:\\\/\\\/projets-solidaires.la-guilde.org\\\/#\\\/schema\\\/logo\\\/image\\\/\",\"url\":\"https:\\\/\\\/projets-solidaires.la-guilde.org\\\/wp-content\\\/uploads\\\/2025\\\/05\\\/logo-la-guilde-projets-solidaires.png\",\"contentUrl\":\"https:\\\/\\\/projets-solidaires.la-guilde.org\\\/wp-content\\\/uploads\\\/2025\\\/05\\\/logo-la-guilde-projets-solidaires.png\",\"width\":396,\"height\":201,\"caption\":\"Microprojet La Guilde\"},\"image\":{\"@id\":\"https:\\\/\\\/projets-solidaires.la-guilde.org\\\/#\\\/schema\\\/logo\\\/image\\\/\"}}]}<\/script>\n<!-- \/ Yoast SEO plugin. -->","yoast_head_json":{"title":"Lancez la pr\u00e9paration de votre projet avec les formations de La Guilde : - Microprojet La Guilde","description":"Venez vous formez aupr\u00e8s de La Guilde : AGR, agro\u00e9cologie, cycle et m\u00e9thodologie de projet. D\u00e9couvrez le programme de formations 2026.","robots":{"index":"index","follow":"follow","max-snippet":"max-snippet:-1","max-image-preview":"max-image-preview:large","max-video-preview":"max-video-preview:-1"},"canonical":"https:\/\/projets-solidaires.la-guilde.org\/en\/formations-2026-au-cycle-de-projet-de-la-guilde\/","schema":{"@context":"https:\/\/schema.org","@graph":[{"@type":"WebPage","@id":"https:\/\/projets-solidaires.la-guilde.org\/formations-2026-au-cycle-de-projet-de-la-guilde\/","url":"https:\/\/projets-solidaires.la-guilde.org\/formations-2026-au-cycle-de-projet-de-la-guilde\/","name":"Lancez la pr\u00e9paration de votre projet avec les formations de La Guilde : - Microprojet La Guilde","isPartOf":{"@id":"https:\/\/projets-solidaires.la-guilde.org\/#website"},"primaryImageOfPage":{"@id":"https:\/\/projets-solidaires.la-guilde.org\/formations-2026-au-cycle-de-projet-de-la-guilde\/#primaryimage"},"image":{"@id":"https:\/\/projets-solidaires.la-guilde.org\/formations-2026-au-cycle-de-projet-de-la-guilde\/#primaryimage"},"thumbnailUrl":"https:\/\/projets-solidaires.la-guilde.org\/wp-content\/uploads\/2026\/04\/image-11-1.jpg","datePublished":"2026-04-03T12:23:14+00:00","dateModified":"2026-04-03T12:41:26+00:00","description":"Venez vous formez aupr\u00e8s de La Guilde : AGR, agro\u00e9cologie, cycle et m\u00e9thodologie de projet. D\u00e9couvrez le programme de formations 2026.","breadcrumb":{"@id":"https:\/\/projets-solidaires.la-guilde.org\/formations-2026-au-cycle-de-projet-de-la-guilde\/#breadcrumb"},"inLanguage":"en-GB","potentialAction":[{"@type":"ReadAction","target":["https:\/\/projets-solidaires.la-guilde.org\/formations-2026-au-cycle-de-projet-de-la-guilde\/"]}]},{"@type":"ImageObject","inLanguage":"en-GB","@id":"https:\/\/projets-solidaires.la-guilde.org\/formations-2026-au-cycle-de-projet-de-la-guilde\/#primaryimage","url":"https:\/\/projets-solidaires.la-guilde.org\/wp-content\/uploads\/2026\/04\/image-11-1.jpg","contentUrl":"https:\/\/projets-solidaires.la-guilde.org\/wp-content\/uploads\/2026\/04\/image-11-1.jpg","width":1920,"height":1116},{"@type":"BreadcrumbList","@id":"https:\/\/projets-solidaires.la-guilde.org\/formations-2026-au-cycle-de-projet-de-la-guilde\/#breadcrumb","itemListElement":[{"@type":"ListItem","position":1,"name":"Accueil","item":"https:\/\/projets-solidaires.la-guilde.org\/"},{"@type":"ListItem","position":2,"name":"Lancez la pr\u00e9paration de votre projet avec les formations de La Guilde :"}]},{"@type":"WebSite","@id":"https:\/\/projets-solidaires.la-guilde.org\/#website","url":"https:\/\/projets-solidaires.la-guilde.org\/","name":"La Guilde Microproject","description":"","publisher":{"@id":"https:\/\/projets-solidaires.la-guilde.org\/#organization"},"potentialAction":[{"@type":"SearchAction","target":{"@type":"EntryPoint","urlTemplate":"https:\/\/projets-solidaires.la-guilde.org\/?s={search_term_string}"},"query-input":{"@type":"PropertyValueSpecification","valueRequired":true,"valueName":"search_term_string"}}],"inLanguage":"en-GB"},{"@type":"Organization","@id":"https:\/\/projets-solidaires.la-guilde.org\/#organization","name":"La Guilde Microproject","url":"https:\/\/projets-solidaires.la-guilde.org\/","logo":{"@type":"ImageObject","inLanguage":"en-GB","@id":"https:\/\/projets-solidaires.la-guilde.org\/#\/schema\/logo\/image\/","url":"https:\/\/projets-solidaires.la-guilde.org\/wp-content\/uploads\/2025\/05\/logo-la-guilde-projets-solidaires.png","contentUrl":"https:\/\/projets-solidaires.la-guilde.org\/wp-content\/uploads\/2025\/05\/logo-la-guilde-projets-solidaires.png","width":396,"height":201,"caption":"Microprojet La Guilde"},"image":{"@id":"https:\/\/projets-solidaires.la-guilde.org\/#\/schema\/logo\/image\/"}}]}},"publishpress_future_action":{"enabled":false,"date":"2026-05-08 01:36:27","action":"change-status","newStatus":"draft","terms":[],"taxonomy":"","extraData":[]},"publishpress_future_workflow_manual_trigger":{"enabledWorkflows":[]},"_links":{"self":[{"href":"https:\/\/projets-solidaires.la-guilde.org\/en\/wp-json\/wp\/v2\/pages\/5409","targetHints":{"allow":["GET"]}}],"collection":[{"href":"https:\/\/projets-solidaires.la-guilde.org\/en\/wp-json\/wp\/v2\/pages"}],"about":[{"href":"https:\/\/projets-solidaires.la-guilde.org\/en\/wp-json\/wp\/v2\/types\/page"}],"author":[{"embeddable":true,"href":"https:\/\/projets-solidaires.la-guilde.org\/en\/wp-json\/wp\/v2\/users\/8"}],"replies":[{"embeddable":true,"href":"https:\/\/projets-solidaires.la-guilde.org\/en\/wp-json\/wp\/v2\/comments?post=5409"}],"version-history":[{"count":0,"href":"https:\/\/projets-solidaires.la-guilde.org\/en\/wp-json\/wp\/v2\/pages\/5409\/revisions"}],"wp:featuredmedia":[{"embeddable":true,"href":"https:\/\/projets-solidaires.la-guilde.org\/en\/wp-json\/wp\/v2\/media\/5412"}],"wp:attachment":[{"href":"https:\/\/projets-solidaires.la-guilde.org\/en\/wp-json\/wp\/v2\/media?parent=5409"}],"curies":[{"name":"wp","href":"https:\/\/api.w.org\/{rel}","templated":true}]}}